{"id":2430,"date":"2023-05-24T20:15:39","date_gmt":"2023-05-24T20:15:39","guid":{"rendered":"https:\/\/asociacionelrosal.org\/es\/?page_id=2430"},"modified":"2023-07-10T21:27:36","modified_gmt":"2023-07-10T21:27:36","slug":"crema-de-aloe-vera-facial","status":"publish","type":"page","link":"https:\/\/asociacionelrosal.org\/es\/crema-de-aloe-vera-facial\/","title":{"rendered":"Crema de Aloe Vera &#8211; Facial"},"content":{"rendered":"<div id='av_section_1'  class='avia-section av-ljxcmu8g-5e21cd3276f42fadf68a63e1e17921ba main_color avia-section-default avia-no-border-styling  avia-builder-el-0  el_before_av_hr  avia-builder-el-first  sticky-parent avia-bg-style-scroll container_wrap fullsize'  ><div class='container av-section-cont-open' ><main  role=\"main\" itemprop=\"mainContentOfPage\"  class='template-page content  av-content-full alpha units'><div class='post-entry post-entry-type-page post-entry-2430'><div class='entry-content-wrapper clearfix'>\n<div  class='flex_column av-tznajy-3d4b93966c0d9fddf97163f703f65041 av_one_half  avia-builder-el-1  el_before_av_one_half  avia-builder-el-first  sticky-element first flex_column_div  '     ><style type=\"text\/css\" data-created_by=\"avia_inline_auto\" id=\"style-css-av-lixchkxj-7b42ccb9ef72de372bbbcb62ea30b844\">\n.avia-image-container.av-lixchkxj-7b42ccb9ef72de372bbbcb62ea30b844 img.avia_image{\nbox-shadow:none;\n}\n.avia-image-container.av-lixchkxj-7b42ccb9ef72de372bbbcb62ea30b844 .av-image-caption-overlay-center{\ncolor:#ffffff;\n}\n<\/style>\n<div  class='avia-image-container av-lixchkxj-7b42ccb9ef72de372bbbcb62ea30b844 av-styling- avia-align-center  avia-builder-el-2  avia-builder-el-no-sibling '   itemprop=\"image\" itemscope=\"itemscope\" itemtype=\"https:\/\/schema.org\/ImageObject\" ><div class=\"avia-image-container-inner\"><div class=\"avia-image-overlay-wrap\"><img decoding=\"async\" class='wp-image-2868 avia-img-lazy-loading-not-2868 avia_image ' src=\"https:\/\/asociacionelrosal.org\/es\/wp-content\/uploads\/2023\/06\/Crema-facial-2-742x1030.png\" alt='' title='Crema facial'  height=\"1030\" width=\"742\"  itemprop=\"thumbnailUrl\" srcset=\"https:\/\/asociacionelrosal.org\/es\/wp-content\/uploads\/2023\/06\/Crema-facial-2-742x1030.png 742w, https:\/\/asociacionelrosal.org\/es\/wp-content\/uploads\/2023\/06\/Crema-facial-2-216x300.png 216w, https:\/\/asociacionelrosal.org\/es\/wp-content\/uploads\/2023\/06\/Crema-facial-2-768x1067.png 768w, https:\/\/asociacionelrosal.org\/es\/wp-content\/uploads\/2023\/06\/Crema-facial-2-508x705.png 508w, https:\/\/asociacionelrosal.org\/es\/wp-content\/uploads\/2023\/06\/Crema-facial-2.png 1080w\" sizes=\"(max-width: 742px) 100vw, 742px\" \/><\/div><\/div><\/div><\/div><div  class='flex_column av-tj0nmm-9ec0d1aa650349d005c36ed86069b5a3 av_one_half  avia-builder-el-3  el_after_av_one_half  avia-builder-el-last  flex_column_div  '     ><p>\n<style type=\"text\/css\" data-created_by=\"avia_inline_auto\" id=\"style-css-av-lixcjfhm-4292fee869f2875e5a0b67c94d724bb9\">\n#top .av-special-heading.av-lixcjfhm-4292fee869f2875e5a0b67c94d724bb9{\npadding-bottom:10px;\nfont-size:41px;\n}\nbody .av-special-heading.av-lixcjfhm-4292fee869f2875e5a0b67c94d724bb9 .av-special-heading-tag .heading-char{\nfont-size:25px;\n}\n#top #wrap_all .av-special-heading.av-lixcjfhm-4292fee869f2875e5a0b67c94d724bb9 .av-special-heading-tag{\nfont-size:41px;\n}\n.av-special-heading.av-lixcjfhm-4292fee869f2875e5a0b67c94d724bb9 .av-subheading{\nfont-size:15px;\n}\n\n@media only screen and (min-width: 480px) and (max-width: 767px){ \n#top #wrap_all .av-special-heading.av-lixcjfhm-4292fee869f2875e5a0b67c94d724bb9 .av-special-heading-tag{\nfont-size:0.8em;\n}\n}\n\n@media only screen and (max-width: 479px){ \n#top #wrap_all .av-special-heading.av-lixcjfhm-4292fee869f2875e5a0b67c94d724bb9 .av-special-heading-tag{\nfont-size:0.8em;\n}\n}\n<\/style>\n<div  class='av-special-heading av-lixcjfhm-4292fee869f2875e5a0b67c94d724bb9 av-special-heading-h2 blockquote modern-quote modern-centered  avia-builder-el-4  el_before_av_hr  avia-builder-el-first  av-inherit-size'><h2 class='av-special-heading-tag'  itemprop=\"headline\"  >Crema de Aloe Vera &#8211; Facial<\/h2><div class=\"special-heading-border\"><div class=\"special-heading-inner-border\"><\/div><\/div><\/div><br \/>\n\n<style type=\"text\/css\" data-created_by=\"avia_inline_auto\" id=\"style-css-av-rvbb32-ba026bd3d746d16c135ddbe6d3e4e63a\">\n#top .hr.hr-invisible.av-rvbb32-ba026bd3d746d16c135ddbe6d3e4e63a{\nmargin-top:-10px;\nheight:1px;\n}\n<\/style>\n<div  class='hr av-rvbb32-ba026bd3d746d16c135ddbe6d3e4e63a hr-invisible  avia-builder-el-5  el_after_av_heading  el_before_av_textblock '><span class='hr-inner '><span class=\"hr-inner-style\"><\/span><\/span><\/div><br \/>\n\n<style type=\"text\/css\" data-created_by=\"avia_inline_auto\" id=\"style-css-av-lixcbg81-c2fc4a712b8471f4539325eceef24579\">\n#top .av_textblock_section.av-lixcbg81-c2fc4a712b8471f4539325eceef24579 .avia_textblock{\nfont-size:18px;\ntext-align:center;\n}\n<\/style>\n<section  class='av_textblock_section av-lixcbg81-c2fc4a712b8471f4539325eceef24579 '   itemscope=\"itemscope\" itemtype=\"https:\/\/schema.org\/CreativeWork\" ><div class='avia_textblock'  itemprop=\"text\" ><p>Todo el poder del aloe vera: perfecta para el acn\u00e9 y la piel con ardor<\/p>\n<\/div><\/section><br \/>\n<div  class='hr av-putkgu-2e076677085d8cb1c0b8b8c6aa2bb092 hr-default  avia-builder-el-7  el_after_av_textblock  el_before_av_textblock '><span class='hr-inner '><span class=\"hr-inner-style\"><\/span><\/span><\/div><br \/>\n\n<style type=\"text\/css\" data-created_by=\"avia_inline_auto\" id=\"style-css-av-ndam8e-c19f4e062b2ab7d69f8ef5a92db747ae\">\n#top .av_textblock_section.av-ndam8e-c19f4e062b2ab7d69f8ef5a92db747ae .avia_textblock{\nfont-size:15px;\n}\n<\/style>\n<section  class='av_textblock_section av-ndam8e-c19f4e062b2ab7d69f8ef5a92db747ae '   itemscope=\"itemscope\" itemtype=\"https:\/\/schema.org\/CreativeWork\" ><div class='avia_textblock'  itemprop=\"text\" ><p>La planta de Aloe Vera se utiliza con fines medicinales desde hace miles de a\u00f1os.<\/p>\n<p>Gracias al cultivo ecol\u00f3gico y al alto contenido de aloe vera, nuestras <em><strong>cremas son ideales para todo tipo de pieles.<\/strong><\/em><\/p>\n<p><em><strong>La alta concentraci\u00f3n de vitaminas favorece la producci\u00f3n de col\u00e1geno de la piel.<\/strong><\/em> Adem\u00e1s de las vitaminas, la interacci\u00f3n sin\u00e9rgica de los compuestos bioactivos del aloe vera es la causa del \u00e9xito de los resultados del cuidado de la piel.<\/p>\n<p>En resumen, la crema garantiza una hidrataci\u00f3n \u00f3ptima de la piel.<\/p>\n<p>Adem\u00e1s, las propiedades antiinflamatorias del aloe vera contribuyen a mejorar y proteger la estructura de la piel.<\/p>\n<p>Completado por el efecto calmante de la crema, es ideal para el cuidado facial diario, pero tambi\u00e9n para el tratamiento del acn\u00e9 y de cualquier tipo de quemaduras de la piel.<\/p>\n<p><em><strong>La crema facial<\/strong><\/em> se diferencia de la corporal en que <em><strong>contiene una proporci\u00f3n a\u00fan mayor de aloe vera.<\/strong> <\/em>Adem\u00e1s de mejorar los resultados, esto hace que la consistencia de la crema facial sea ligeramente m\u00e1s espesa.<\/p>\n<p>Adem\u00e1s de la calidad de nuestros productos, cuestiones como la sostenibilidad y el desarrollo tambi\u00e9n tienen una gran prioridad en nuestra Asociaci\u00f3n. Uno de nuestros objetivos es promover la igualdad de derechos para las mujeres.<\/p>\n<p>\u00bfA qu\u00e9 esperas? Conv\u00e9ncete de la eficacia de nuestras cremas. Cuida tu piel de la forma m\u00e1s natural.<\/p>\n<\/div><\/section><br \/>\n<div  class='avia-button-wrap av-27qun2-220c3f7ff922063dc68bba49bdfafc5b-wrap avia-button-center  avia-builder-el-9  el_after_av_textblock  avia-builder-el-last '>\n<style type=\"text\/css\" data-created_by=\"avia_inline_auto\" id=\"style-css-av-27qun2-220c3f7ff922063dc68bba49bdfafc5b\">\n#top #wrap_all .avia-button.av-27qun2-220c3f7ff922063dc68bba49bdfafc5b{\nfont-size:20px;\n-webkit-transition:all 0.4s ease-in-out;\n-moz-transition:all 0.4s ease-in-out;\n-ms-transition:all 0.4s ease-in-out;\n-o-transition:all 0.4s ease-in-out;\ntransition:all 0.4s ease-in-out;\n}\n<\/style>\n<a href='https:\/\/asociacionelrosal.org\/es\/aloe-vera\/'  class='avia-button av-27qun2-220c3f7ff922063dc68bba49bdfafc5b avia-icon_select-no avia-size-x-large avia-position-center avia-color-theme-color'  ><span class='avia_iconbox_title' >Saber mas sobre los beneficios de la Aloe Vera<\/span><\/a><\/div><\/p><\/div>\n<\/div><\/div><\/main><!-- close content main element --><\/div><\/div><div id='after_section_1'  class='main_color av_default_container_wrap container_wrap fullsize'  ><div class='container av-section-cont-open' ><div class='template-page content  av-content-full alpha units'><div class='post-entry post-entry-type-page post-entry-2430'><div class='entry-content-wrapper clearfix'>\n\n<style type=\"text\/css\" data-created_by=\"avia_inline_auto\" id=\"style-css-av-le8ym6-f6e615be899375fbf0bb42771f4a7a14\">\n#top .hr.hr-invisible.av-le8ym6-f6e615be899375fbf0bb42771f4a7a14{\nheight:65px;\n}\n<\/style>\n<div  class='hr av-le8ym6-f6e615be899375fbf0bb42771f4a7a14 hr-invisible  avia-builder-el-10  el_after_av_section  el_before_av_one_fifth  avia-builder-el-first '><span class='hr-inner '><span class=\"hr-inner-style\"><\/span><\/span><\/div>\n<div  class='flex_column av-1rduxq-881931f829f83b1eb9b885721539346e av_one_fifth  avia-builder-el-11  el_after_av_hr  el_before_av_one_fifth  first flex_column_div  '     ><style type=\"text\/css\" data-created_by=\"avia_inline_auto\" id=\"style-css-av-f8ia2m-dc0c5ad30c93bf8336280851424bdcff\">\n#top .av-special-heading.av-f8ia2m-dc0c5ad30c93bf8336280851424bdcff{\npadding-bottom:10px;\n}\nbody .av-special-heading.av-f8ia2m-dc0c5ad30c93bf8336280851424bdcff .av-special-heading-tag .heading-char{\nfont-size:25px;\n}\n.av-special-heading.av-f8ia2m-dc0c5ad30c93bf8336280851424bdcff .av-subheading{\nfont-size:15px;\n}\n<\/style>\n<div  class='av-special-heading av-f8ia2m-dc0c5ad30c93bf8336280851424bdcff av-special-heading-h2  avia-builder-el-12  avia-builder-el-no-sibling '><h2 class='av-special-heading-tag'  itemprop=\"headline\"  >La Otra Crema<\/h2><div class=\"special-heading-border\"><div class=\"special-heading-inner-border\"><\/div><\/div><\/div><\/div>\n<div  class='flex_column av-dussry-5c6e236caf2f1f0e19700d70d33f800c av_one_fifth  avia-builder-el-13  el_after_av_one_fifth  el_before_av_one_fourth  flex_column_div  '     ><\/div>\n<div  class='flex_column av-cojnz2-b06afeade27fe9cf56cf618b364983da av_one_fourth  avia-builder-el-14  el_after_av_one_fifth  el_before_av_hr  flex_column_div  '     ><p>\n<style type=\"text\/css\" data-created_by=\"avia_inline_auto\" id=\"style-css-av-lixcbvi6-bae796548005aef2dd228e01ecfd0ff6\">\n.avia_transform .avia-image-container.av-lixcbvi6-bae796548005aef2dd228e01ecfd0ff6{\n-webkit-animation-duration:2s;\n-moz-animation-duration:2s;\nanimation-duration:2s;\n}\n.avia-image-container.av-lixcbvi6-bae796548005aef2dd228e01ecfd0ff6 img.avia_image{\nbox-shadow:none;\n}\n.avia-image-container.av-lixcbvi6-bae796548005aef2dd228e01ecfd0ff6 .av-image-caption-overlay-center{\ncolor:#ffffff;\n}\n<\/style>\n<div  class='avia-image-container av-lixcbvi6-bae796548005aef2dd228e01ecfd0ff6 av-styling- av-hover-grow av-hide-overflow avia_animated_image av-animated-when-visible-95 fade-in avia-align-center  avia-builder-el-15  el_before_av_textblock  avia-builder-el-first '   itemprop=\"image\" itemscope=\"itemscope\" itemtype=\"https:\/\/schema.org\/ImageObject\" ><div class=\"avia-image-container-inner\"><div class=\"avia-image-overlay-wrap\"><a href=\"https:\/\/asociacionelrosal.org\/es\/crema-de-aloe-vera-corporal\/\" class='avia_image' ><img decoding=\"async\" class='wp-image-2829 avia-img-lazy-loading-not-2829 avia_image ' src=\"https:\/\/asociacionelrosal.org\/es\/wp-content\/uploads\/2023\/06\/Crema-corporal-773x1030.png\" alt='' title='Crema corporal'  height=\"1030\" width=\"773\"  itemprop=\"thumbnailUrl\" srcset=\"https:\/\/asociacionelrosal.org\/es\/wp-content\/uploads\/2023\/06\/Crema-corporal-773x1030.png 773w, https:\/\/asociacionelrosal.org\/es\/wp-content\/uploads\/2023\/06\/Crema-corporal-225x300.png 225w, https:\/\/asociacionelrosal.org\/es\/wp-content\/uploads\/2023\/06\/Crema-corporal-768x1024.png 768w, https:\/\/asociacionelrosal.org\/es\/wp-content\/uploads\/2023\/06\/Crema-corporal-1152x1536.png 1152w, https:\/\/asociacionelrosal.org\/es\/wp-content\/uploads\/2023\/06\/Crema-corporal-1536x2048.png 1536w, https:\/\/asociacionelrosal.org\/es\/wp-content\/uploads\/2023\/06\/Crema-corporal-1125x1500.png 1125w, https:\/\/asociacionelrosal.org\/es\/wp-content\/uploads\/2023\/06\/Crema-corporal-529x705.png 529w\" sizes=\"(max-width: 773px) 100vw, 773px\" \/><\/a><\/div><\/div><\/div><br \/>\n\n<style type=\"text\/css\" data-created_by=\"avia_inline_auto\" id=\"style-css-av-lixcc4ff-82db9149c07cbb774ce16b0a54f9ec74\">\n#top .av_textblock_section.av-lixcc4ff-82db9149c07cbb774ce16b0a54f9ec74 .avia_textblock{\ntext-align:center;\n}\n<\/style>\n<section  class='av_textblock_section av-lixcc4ff-82db9149c07cbb774ce16b0a54f9ec74 '   itemscope=\"itemscope\" itemtype=\"https:\/\/schema.org\/CreativeWork\" ><div class='avia_textblock'  itemprop=\"text\" ><h3>Crema de Aloe Vera &#8211; Corporal<\/h3>\n<\/div><\/section><\/p><\/div>\n\n<style type=\"text\/css\" data-created_by=\"avia_inline_auto\" id=\"style-css-av-aimgbi-3f1c6c4ca74c9277d5df99d2945bf149\">\n#top .hr.hr-invisible.av-aimgbi-3f1c6c4ca74c9277d5df99d2945bf149{\nheight:80px;\n}\n<\/style>\n<div  class='hr av-aimgbi-3f1c6c4ca74c9277d5df99d2945bf149 hr-invisible  avia-builder-el-17  el_after_av_one_fourth  el_before_av_one_half '><span class='hr-inner '><span class=\"hr-inner-style\"><\/span><\/span><\/div>\n<div  class='flex_column av-95dh5q-804c8ab679ce0daedf8c4e7ef43f7bca av_one_half  avia-builder-el-18  el_after_av_hr  el_before_av_one_half  first flex_column_div  '     ><div  class='avia-button-wrap av-6t2xby-cfa81f41a807ec949aedbe89cefaaea8-wrap avia-button-center  avia-builder-el-19  avia-builder-el-no-sibling '>\n<style type=\"text\/css\" data-created_by=\"avia_inline_auto\" id=\"style-css-av-6t2xby-cfa81f41a807ec949aedbe89cefaaea8\">\n#top #wrap_all .avia-button.av-6t2xby-cfa81f41a807ec949aedbe89cefaaea8{\nfont-size:25px;\n-webkit-transition:all 0.4s ease-in-out;\n-moz-transition:all 0.4s ease-in-out;\n-ms-transition:all 0.4s ease-in-out;\n-o-transition:all 0.4s ease-in-out;\ntransition:all 0.4s ease-in-out;\n}\n<\/style>\n<a href='https:\/\/asociacionelrosal.org\/es\/nuestros-productos\/'  class='avia-button av-6t2xby-cfa81f41a807ec949aedbe89cefaaea8 avia-icon_select-yes-left-icon avia-size-large avia-position-center avia-color-theme-color'  ><span class='avia_button_icon avia_button_icon_left' aria-hidden='true' data-av_icon='\ue874' data-av_iconfont='entypo-fontello'><\/span><span class='avia_iconbox_title' >Ver todo los productos<\/span><\/a><\/div><\/div>\n<div  class='flex_column av-6er0su-0a1d0c7d0249bfe9d36f244f692eefdb av_one_half  avia-builder-el-20  el_after_av_one_half  el_before_av_hr  flex_column_div  '     ><div  class='avia-button-wrap av-cqq7y-68070dc68cec6dbf11fff8a6ee3b2011-wrap avia-button-center  avia-builder-el-21  avia-builder-el-no-sibling '>\n<style type=\"text\/css\" data-created_by=\"avia_inline_auto\" id=\"style-css-av-cqq7y-68070dc68cec6dbf11fff8a6ee3b2011\">\n#top #wrap_all .avia-button.av-cqq7y-68070dc68cec6dbf11fff8a6ee3b2011{\nfont-size:25px;\n-webkit-transition:all 0.4s ease-in-out;\n-moz-transition:all 0.4s ease-in-out;\n-ms-transition:all 0.4s ease-in-out;\n-o-transition:all 0.4s ease-in-out;\ntransition:all 0.4s ease-in-out;\n}\n<\/style>\n<a href='https:\/\/asociacionelrosal.org\/es\/ingredientes\/'  class='avia-button av-cqq7y-68070dc68cec6dbf11fff8a6ee3b2011 avia-icon_select-yes-right-icon avia-size-large avia-position-center avia-color-theme-color'  ><span class='avia_iconbox_title' >Ver los ingredientes<\/span><span class='avia_button_icon avia_button_icon_right' aria-hidden='true' data-av_icon='\ue875' data-av_iconfont='entypo-fontello'><\/span><\/a><\/div><\/div>\n\n<style type=\"text\/css\" data-created_by=\"avia_inline_auto\" id=\"style-css-av-39m0pq-6e78547cd520fca9bc0d417f91e036af\">\n#top .hr.hr-invisible.av-39m0pq-6e78547cd520fca9bc0d417f91e036af{\nheight:80px;\n}\n<\/style>\n<div  class='hr av-39m0pq-6e78547cd520fca9bc0d417f91e036af hr-invisible  avia-builder-el-22  el_after_av_one_half  el_before_av_comments_list '><span class='hr-inner '><span class=\"hr-inner-style\"><\/span><\/span><\/div>\n<div  class='av-buildercomment av-av_comments_list-56c66b2695468e12d3120bc7169a9873'><\/div>\n","protected":false},"excerpt":{"rendered":"","protected":false},"author":3,"featured_media":0,"parent":0,"menu_order":0,"comment_status":"closed","ping_status":"closed","template":"","meta":{"footnotes":""},"class_list":["post-2430","page","type-page","status-publish","hentry"],"jetpack_sharing_enabled":true,"_links":{"self":[{"href":"https:\/\/asociacionelrosal.org\/es\/wp-json\/wp\/v2\/pages\/2430","targetHints":{"allow":["GET"]}}],"collection":[{"href":"https:\/\/asociacionelrosal.org\/es\/wp-json\/wp\/v2\/pages"}],"about":[{"href":"https:\/\/asociacionelrosal.org\/es\/wp-json\/wp\/v2\/types\/page"}],"author":[{"embeddable":true,"href":"https:\/\/asociacionelrosal.org\/es\/wp-json\/wp\/v2\/users\/3"}],"replies":[{"embeddable":true,"href":"https:\/\/asociacionelrosal.org\/es\/wp-json\/wp\/v2\/comments?post=2430"}],"version-history":[{"count":10,"href":"https:\/\/asociacionelrosal.org\/es\/wp-json\/wp\/v2\/pages\/2430\/revisions"}],"predecessor-version":[{"id":3033,"href":"https:\/\/asociacionelrosal.org\/es\/wp-json\/wp\/v2\/pages\/2430\/revisions\/3033"}],"wp:attachment":[{"href":"https:\/\/asociacionelrosal.org\/es\/wp-json\/wp\/v2\/media?parent=2430"}],"curies":[{"name":"wp","href":"https:\/\/api.w.org\/{rel}","templated":true}]}}